
{"id":10,"date":"2015-12-18T12:38:56","date_gmt":"2015-12-18T12:38:56","guid":{"rendered":"http:\/\/new.pommfritz.de\/?page_id=10"},"modified":"2017-11-17T11:35:52","modified_gmt":"2017-11-17T11:35:52","slug":"home","status":"publish","type":"page","link":"https:\/\/pommfritz.de\/home\/","title":{"rendered":"Home"},"content":{"rendered":"<div id=\"themify_builder_content-10\" data-postid=\"10\" class=\"themify_builder_content themify_builder_content-10 themify_builder themify_builder_front\">\n\n\t\n                <!-- module_row -->\n                <div data-gutter=\"gutter-default\" class=\"themify_builder_row themify_builder_10_row module_row module_row_0 clearfix gutter-default builder-parallax-scrolling fullwidth\"                      data-equal-column-height=\"\">\n\n                    \n                    \n                    <div class=\"row_inner_wrapper\">\n                        <div class=\"row_inner\">\n\n                            \n                            \n                                \n                                        <div class=\"col-full first tb-column  tb_10_column module_column_0 module_column\" >\n\n                                            \n                                            \n                                            <div class=\"tb-column-inner\">\n\n                                                \n                                                \n                                                    \n    <!-- module image -->\n    <div id=\"image-10-0-0-1\" class=\"module module-image image-10-0-0-1   image-top   auto_fullwidth\">\n\n        \n        \n        <div class=\"image-wrap\">\n                            <img decoding=\"async\" src=\"https:\/\/pommfritz.de\/wp-content\/uploads\/2025\/01\/Komp-1_1.gif\" alt=\"Home\" \/>            \n                        <\/div>\n            <!-- \/image-wrap -->\n        \n        \n        \n        <\/div>\n    <!-- \/module image -->\n\n\n                                                    <\/div>\n                                                    <!-- \/.tb-column-inner -->\n                                                                                                <\/div>\n                                            <!-- \/.tb-column -->\n                                        \n                                    \n                                    \n                                \n                            <\/div>\n                            <!-- \/row_inner -->\n                        <\/div>\n                        <!-- \/row_inner_wrapper -->\n                    <\/div>\n                    <!-- \/module_row -->\n                    \n\n                <!-- module_row -->\n                <div data-gutter=\"gutter-default\" class=\"themify_builder_row themify_builder_10_row module_row module_row_1 clearfix gutter-default tb_section-news home-news\"                      data-equal-column-height=\"\">\n\n                    \n                    \n                    <div class=\"row_inner_wrapper\">\n                        <div class=\"row_inner\">\n\n                            \n                            \n                                \n                                        <div class=\"col-full first tb-column  tb_10_column module_column_0 module_column\" >\n\n                                            \n                                            \n                                            <div class=\"tb-column-inner\">\n\n                                                \n                                                \n                                                    \n    <!-- module post -->\n    <div id=\"post-10-1-0-1\" class=\"module module-post post-10-1-0-1 \">\n                    <h3 class=\"module-title\">NEWS<\/h3>        \n        <div class=\"builder-posts-wrap clearfix loops-wrapper list-post\">\n\n\n<article itemscope itemtype=\"http:\/\/schema.org\/Article\" id=\"post-7503\" class=\"post clearfix post-7503 type-post status-publish format-standard hentry category-news has-post-title has-post-date has-post-category has-post-tag has-post-comment has-post-author \">\n                    <a href=\"https:\/\/pommfritz.de\/home\/pomm-fritz-mit-spezialprogramm-am-kmf-schemmerberg\/\" data-post-permalink=\"yes\" style=\"display: none;\"><\/a>\n        \t\n\t\n\t\t\n\t\n\t\n\t\t\n\t\n\t\n\n\t<div class=\"post-content \">\n\n\t\t\t\t\t<div class=\"post-date-wrap post-date-inline\">\n\t\t\t\t<time class=\"post-date entry-date updated\" itemprop=\"datePublished\" datetime=\"2025-12-05\">\n\t\t\t\t\t<span class=\"day\">5<\/span>\n\t\t\t\t\t<span class=\"month\">Dez.<\/span>\n\t\t\t\t\t<span class=\"year\">2025<\/span>\n\t\t\t\t<\/time>\n\t\t\t<\/div>\n\t\t\n\t\t\n\t\t\t\n\t\t\t<h2 class=\"post-title entry-title\" itemprop=\"headline\">\n\t\t\t\t\t\t\t\t\t<a href=\"https:\/\/pommfritz.de\/home\/pomm-fritz-mit-spezialprogramm-am-kmf-schemmerberg\/\" title=\"Pomm Fritz mit Spezialprogramm am KMF Schemmerberg\">Pomm Fritz mit Spezialprogramm am KMF Schemmerberg<\/a>\n\t\t\t\t\t\t\t<\/h2>\n\n\t\t\t\n\t\t\n\t\t\n\t\t\n\t\t<div class=\"entry-content\" itemprop=\"articleBody\">\n\n\t\t\t\n\t\t\t\t\n<p>Am Samstag, 23.05.2026, gehen wir zur\u00fcck zu unseren Bl\u00e4ser-Wurzeln, Back-to-Brass ist das Motto von POMM FRITZ am Kreismusikfest Schemmerberg!<\/p>\n\n\n\n<p>Es erwartet euch ein Konzertabend mit Brass-Festival-Flair<br>mit den Bands: BROT\u00c4NE HERDEPFL, POMM FRITZ, DRUCKLUFT<\/p>\n\n\n\n<p>Wir waren die erste Brassrockband im wilden Mundart-S\u00fcden und somit k\u00f6nnen wir etwas pr\u00e4sentieren, das es schon 30 Jahre nicht mehr gab: Die gr\u00f6\u00dften POMM FRITZ-Hits werden am Kreisbrassabend am 23.05.2026 gemeinsam mit einer eigens zusammengestellten Brass-Besetzung \u2013 quasi im POMM Fritz-Original-Sound\u00a0 &#8211; zu h\u00f6ren sein! Durch dieses besondere musikalische Projekt wird der Konzertabend zu einem seltenen Ereignis der besonderen Art. Die G\u00e4ste erwartet ein musikalisches Experiment, das garantiert f\u00fcr G\u00e4nsehaut und Festivalstimmung sorgt.<\/p>\n\n\n\n<p>Besorgt Euch    <a href=\"https:\/\/mv-schemmerberg.ditix.shop\/event\/apcqua7jzy1w9zfp\">HIER<\/a>    unbedingt rechtzeitig die Tickets zu diesem einmaligen Pomm Fritz-Erlebnis!<\/p>\n\n\n\n<p><\/p>\n\n\n\n<p><\/p>\n\n\n\n<p><\/p>\n\n\n\n<p><\/p>\n<div class=\"themify_builder_content-7503 themify_builder in_the_loop\">\n\n<\/div>\n\t\t\t\n\t\t<\/div><!-- \/.entry-content -->\n\n\t\t\n\t<\/div>\n\t<!-- \/.post-content -->\n\t\n<\/article>\n\n<!-- \/.post -->\n\n\n<article itemscope itemtype=\"http:\/\/schema.org\/Article\" id=\"post-7018\" class=\"post clearfix post-7018 type-post status-publish format-standard hentry category-news has-post-title has-post-date has-post-category has-post-tag has-post-comment has-post-author \">\n                    <a href=\"https:\/\/pommfritz.de\/home\/offizielles-pomm-fritz-oechslevideo-ist-online\/\" data-post-permalink=\"yes\" style=\"display: none;\"><\/a>\n        \t\n\t\n\t\t\n\t\n\t\n\t\t\n\t\n\t\n\n\t<div class=\"post-content \">\n\n\t\t\t\t\t<div class=\"post-date-wrap post-date-inline\">\n\t\t\t\t<time class=\"post-date entry-date updated\" itemprop=\"datePublished\" datetime=\"2025-06-11\">\n\t\t\t\t\t<span class=\"day\">11<\/span>\n\t\t\t\t\t<span class=\"month\">Juni<\/span>\n\t\t\t\t\t<span class=\"year\">2025<\/span>\n\t\t\t\t<\/time>\n\t\t\t<\/div>\n\t\t\n\t\t\n\t\t\t\n\t\t\t<h2 class=\"post-title entry-title\" itemprop=\"headline\">\n\t\t\t\t\t\t\t\t\t<a href=\"https:\/\/pommfritz.de\/home\/offizielles-pomm-fritz-oechslevideo-ist-online\/\" title=\"Feiert mit uns das neue Pomm Fritz Oechslevideo\">Feiert mit uns das neue Pomm Fritz Oechslevideo<\/a>\n\t\t\t\t\t\t\t<\/h2>\n\n\t\t\t\n\t\t\n\t\t\n\t\t\n\t\t<div class=\"entry-content\" itemprop=\"articleBody\">\n\n\t\t\t\n\t\t\t\t\n<figure class=\"wp-block-embed is-type-video is-provider-youtube wp-block-embed-youtube wp-embed-aspect-16-9 wp-has-aspect-ratio\"><div class=\"wp-block-embed__wrapper\">\n<div class=\"post-video\"><iframe loading=\"lazy\" title=\"TRULLALA - DR STOLZ VOM SCHWOBALAND\" width=\"500\" height=\"281\" src=\"https:\/\/www.youtube.com\/embed\/-IeqFZJ8qTw?wmode=transparent&#038;fs=1\" frameborder=\"0\" allow=\"accelerometer; autoplay; clipboard-write; encrypted-media; gyroscope; picture-in-picture; web-share\" referrerpolicy=\"strict-origin-when-cross-origin\" allowfullscreen><\/iframe><\/div>\n<\/div><\/figure>\n<div class=\"themify_builder_content-7018 themify_builder in_the_loop\">\n\n<\/div>\n\t\t\t\n\t\t<\/div><!-- \/.entry-content -->\n\n\t\t\n\t<\/div>\n\t<!-- \/.post-content -->\n\t\n<\/article>\n\n<!-- \/.post --><\/div><!-- .builder-posts-wrap -->\n            <\/div>\n    <!-- \/module post -->\n    \n\n<!-- module text -->\n<div id=\"text-10-1-0-2\" class=\"module module-text text-10-1-0-2   \">\n\t\n\t\n\t<h1 style=\"text-align: center;\">Immer auf dem Laufenden bleiben:<\/h1>\n\t<\/div>\n<!-- \/module text -->\n<div class=\"themify_builder_sub_row\n\t\t\t\t\t\t\t\t\t\t\t\t\t\t\tclearfix gutter-default  sub_row_1-0-3\" >\n                                                                \n                                                                    <div class=\"col3-1 first sub_column sub_column_1-0-3-0 sub_column_post_10\" >\n                                                                        \n                                                                        \n                                                                                                                                                    \n    <!-- module image -->\n    <div id=\"image-10-sub_row_1-0-3-0-0\" class=\"module module-image image-10-sub_row_1-0-3-0-0   image-center  \">\n\n        \n        \n        <div class=\"image-wrap\">\n                            <a href=\"https:\/\/de-de.facebook.com\/POMMFRITZ.BAND\"  target=\"_blank\">\n                                        <img decoding=\"async\" src=\"\/wp-content\/uploads\/2016\/01\/fb_200.png\" alt=\"Home\" \/>                <\/a>\n            \n                        <\/div>\n            <!-- \/image-wrap -->\n        \n        \n        \n        <\/div>\n    <!-- \/module image -->\n\n\n                                                                                                                                                    <\/div><div class=\"col3-1 sub_column sub_column_1-0-3-1 sub_column_post_10\" >\n                                                                        \n                                                                        \n                                                                                                                                                    \n    <!-- module image -->\n    <div id=\"image-10-sub_row_1-0-3-1-0\" class=\"module module-image image-10-sub_row_1-0-3-1-0   image-center  \">\n\n        \n        \n        <div class=\"image-wrap\">\n                            <a href=\"https:\/\/www.youtube.com\/channel\/UCUzUKSL6S11ZwRvWlofGgdw\"  target=\"_blank\">\n                                        <img decoding=\"async\" src=\"\/wp-content\/uploads\/2016\/01\/yt_200.png\" alt=\"Home\" \/>                <\/a>\n            \n                        <\/div>\n            <!-- \/image-wrap -->\n        \n        \n        \n        <\/div>\n    <!-- \/module image -->\n\n\n                                                                                                                                                    <\/div><div class=\"col3-1 last sub_column sub_column_1-0-3-2 sub_column_post_10\" >\n                                                                        \n                                                                        \n                                                                                                                                                    \n<!-- module text -->\n<div id=\"text-10-sub_row_1-0-3-2-0\" class=\"module module-text text-10-sub_row_1-0-3-2-0   \">\n\t\n\t\n\t<style scoped>.fca_eoi_form p { width: auto; }#fca_eoi_form_1177 input{max-width:9999px;}#fca_eoi_form_1177 .fca_eoi_postbox_0 input{margin-left:1%;margin-right:1%;white-space:normal;width:98%;}#fca_eoi_form_1177 .fca_eoi_postbox_0 input[type=submit]{margin-left:0;margin-right:0;width:100%;}#fca_eoi_form_1177 .fca_eoi_postbox_0_email_field_wrapper,#fca_eoi_form_1177 .fca_eoi_postbox_0_name_field_wrapper{width:49%;display:inline-block;}#fca_eoi_form_1177 .fca_eoi_postbox_0_email_field_wrapper{float:right;}#fca_eoi_form_1177 .fca_eoi_postbox_0_inputs_wrapper_no_name .fca_eoi_postbox_0_email_field_wrapper{float:none;width:100%;}#fca_eoi_form_1177 ::-webkit-input-placeholder{color:inherit;opacity:0.7;}#fca_eoi_form_1177 :-moz-placeholder{color:inherit;opacity:0.7;}#fca_eoi_form_1177 ::-moz-placeholder{color:inherit;opacity:0.7;}#fca_eoi_form_1177 :-ms-input-placeholder{color:inherit;opacity:0.7;}<\/style><script>\t\t\tjQuery.post( \"https:\\\/\\\/pommfritz.de\\\/home\\\/\", {\n\t\t\t\t'fca_eoi_track_form_id': \"1177\"\t\t\t} );\n\t\t<\/script><div class=\"fca_eoi_form_wrapper fca_eoi_layout_postbox_wrapper fca_eoi_layout_0_wrapper\"><div id=\"fca_eoi_form_1177\" class=\"fca_eoi_form_content\"><form method=\"post\" action=\"#\" class=\"fca_eoi_form fca_eoi_layout_0 fca_eoi_layout_postbox\" data-fca_eoi_list_id=\"\" data-fca_eoi_thank_you_page=\"https:\/\/pommfritz.de\/home\/\" novalidate><input type=\"hidden\" name=\"fca_eoi_form_id\" value=\"1177\" \/>\n  <div class=\"fca_eoi_layout_content_wrapper\">\n    <div class=\"fca_eoi_form_wrapper fca_eoi_layout_postbox_wrapper fca_eoi_layout_0_wrapper\"><div id=\"fca_eoi_form_1177\" class=\"fca_eoi_form_content\"><form method=\"post\" action=\"#\" class=\"fca_eoi_form fca_eoi_layout_0 fca_eoi_layout_postbox\" data-fca_eoi_list_id=\"\" data-fca_eoi_thank_you_page=\"https:\/\/pommfritz.de\/home\/\" novalidate><input type=\"hidden\" name=\"fca_eoi_form_id\" value=\"1177\" \/>\n\t\t<h3 class=\"fca_eoi_postbox_0_headline_copy_wrapper\"><div>Newsletter<\/div><\/h3>\n\t<div class=\"fca_eoi_postbox_0_inputs_wrapper fca_eoi_postbox_0_inputs_wrapper_no_name\">\n\t\t<p class=\"fca_eoi_postbox_0_email_field_wrapper\"><input class=\"fca_eoi_form_input_element\" type=\"email\" name=\"email\" placeholder=\"Email\"><\/p>\n\t\t<p class=\"fca_eoi_postbox_0_submit_button_wrapper\"><input class=\"fca_eoi_form_button_element\" type=\"submit\" value=\"Registrieren\"><\/p>\n\t<\/div>\n\n\t\n<input type=\"hidden\" name=\"id\" value=\"1177\"><input type=\"hidden\" name=\"fca_eoi\" value=\"1\">\n\t\t\t\t <input type=\"hidden\" name=\"fca_eoi_error_texts_email\" class=\"fca_eoi_error_texts_email\" value=\"Fehler: Bitte eine g\u00fcltige Emailadresse eingeben. Zum Beispiel \"max@domain.com\".\">\n\t\t\t\t<input type=\"hidden\" name=\"fca_eoi_error_texts_required\" class=\"fca_eoi_error_texts_required\" value=\"Fehler: Bitte Emailfeld ausf\u00fcllen.\">\n\t\t<\/form><\/div><\/div>\n\n  <\/div>\n<input type=\"hidden\" name=\"id\" value=\"1177\"><input type=\"hidden\" name=\"fca_eoi\" value=\"1\">\n\t\t\t\t <input type=\"hidden\" name=\"fca_eoi_error_texts_email\" class=\"fca_eoi_error_texts_email\" value=\"Fehler: Bitte eine g\u00fcltige Emailadresse eingeben. Zum Beispiel \"max@domain.com\".\">\n\t\t\t\t<input type=\"hidden\" name=\"fca_eoi_error_texts_required\" class=\"fca_eoi_error_texts_required\" value=\"Fehler: Bitte Emailfeld ausf\u00fcllen.\">\n\t\t<\/form><\/div><\/div>\n\n\t<\/div>\n<!-- \/module text -->\n\n                                                                                                                                                    <\/div><\/div>\n                                                    <\/div>\n                                                    <!-- \/.tb-column-inner -->\n                                                                                                <\/div>\n                                            <!-- \/.tb-column -->\n                                        \n                                    \n                                    \n                                \n                            <\/div>\n                            <!-- \/row_inner -->\n                        <\/div>\n                        <!-- \/row_inner_wrapper -->\n                    <\/div>\n                    <!-- \/module_row -->\n                    \n\n                <!-- module_row -->\n                <div data-gutter=\"gutter-default\" class=\"themify_builder_row themify_builder_10_row module_row module_row_2 clearfix gutter-default tb_section-termine home-termine builder-parallax-scrolling\"                      data-equal-column-height=\"\">\n\n                    \n                    \n                <div class=\"builder_row_cover\" style=\"background-color: rgba(0,0,0, 0.39)\" data-color=\"rgba(0,0,0, 0.39)\" ><\/div>\n\n                \n                    <div class=\"row_inner_wrapper\">\n                        <div class=\"row_inner\">\n\n                            \n                            \n                                \n                                        <div class=\"col-full first tb-column  tb_10_column module_column_0 module_column\" >\n\n                                            \n                                            \n                                            <div class=\"tb-column-inner\">\n\n                                                \n                                                \n                                                    \n<!-- module text -->\n<div id=\"text-10-2-0-1\" class=\"module module-text text-10-2-0-1   \">\n\t\t\t<h3 class=\"module-title\">Termine<\/h3>\t\n\t\n\t<p>Termine 2026:<\/p><ul><li>09.01.26 | Glems- Hirsch<\/li><li>10.01.26 | Glems- Hirsch<\/li><li>14.03.26 | Renningen<\/li><li>27.03.26 | Erolzheim &#8211; Spenden-Faschten-Bockbier-Konzert<\/li><li>18.04.26 | Privatparty<\/li><li>03.05.26 | Rammingen<\/li><li>23.05.26 | Kreismusikfest Schemmerberg &#8211; Kreisbrassabend<\/li><li>12.06.26 | Arlach, Open Air &#8211; Biergarten Hib wie Dib<\/li><li>05.07.26 | Berg &#8211; Ulrichsfest<\/li><li>11.09.26 | Heggbach<\/li><li>21.09.26 | Rottenacker &#8211; Herbstfest<\/li><li>26.09.26 | Sichelhenke Wilsingen mit Verbandsmusikfest (RT)<\/li><li>16.10.26 | Zollenreute<br \/><hr \/><\/li><\/ul><p>Termine 2025:<\/p><ul><li>05.01.25 | Erolzheim &#8211; Heilige 5 K\u00f6nige-Benefizzkonzert<\/li><li>11.01.25 | Glems- Hirsch<\/li><li>22.02.25 | Ochsenhausen &#8211; 1. Prunksitzung (Kurzauftritt)<\/li><li>27.02.25 | Ochsenhausen &#8211; 2. Prunksitzung (Kurzauftritt)<\/li><li>01.03.25 | Ochsenhausen &#8211; 3. Prunksitzung (Kurzauftritt)<\/li><li>04.04.25 | Gasthaus Schlatterh\u00f6he, 73252 Lenningen<\/li><li>05.04.25 | Altshausen -Wirtshaus Hopfen<\/li><li>23.05.25 | Gro\u00dfengstingen \u2013 Festzelt<\/li><li>20.06.25 | Heggbach &#8211; Fantreffen mit Simone<\/li><li>28.06.25 | Lauterbach- Stadtfest<\/li><li>23.07.25 | Biberach &#8211; Sch\u00fctzenzelt<\/li><li>31.08.25 | Niederstotzingen &#8211; Stadtfest<\/li><li>13.09.25 | Blitzenreute &#8211; Obstwiesen Open Air<\/li><li>22.09.25 | Rottenacker &#8211; <a href=\"https:\/\/kmf2025.de\" target=\"_blank\" rel=\"noopener\">Kreismusikfest<\/a><\/li><li>11.10.25 | Senden\u00a0 &#8211; Schwabenabend<\/li><li>13.10.25 | SWR1 Hitmachduell Marktplatz Ochsenhause, 17 Uhr<\/li><li>14.11.25 | Privatparty<\/li><li>22.11.25 | Warthausen &#8211; Motorworld Inn<\/li><li>28.11.25 | Urlau &#8211; Hirsch<\/li><\/ul><hr \/><p>Termine 2024:<\/p><ul><li>06.04.24 | Altshausen -Wirtshaus Hopfen<\/li><li>27.04.24 | Hailtingen &#8211; Retro Days<\/li><li>31.05.24 | Obersulmetingen &#8211; S\u00e4lt-Festival<\/li><li>08.06.24 | Niederstotzingen &#8211; Festzelt<\/li><li>22.06.24 | Senden &#8211; Stadtfest\u00a0 &#8211; verschoben wegen Wetter<\/li><li>07.07.24 | Berg &#8211; Ulrichsfest<\/li><li>12.07.24 | \u00d6hringen &#8211; Hofgarten Open Air<\/li><li>17.07.24 | Biberach &#8211; Sch\u00fctzenzelt<\/li><li>20.09.24 | Heggbach &#8211; M\u00fchlen Open Air<\/li><li>12.10.24 | Zollenreute &#8211; Dorfstadel<\/li><li>22.11.24 | Caf\u00e9 Jam Ulm ( am M\u00fcnster)<\/li><li>07.12.24 | Glems &#8211; WEGEN KRANKHEIT VERSCHOBEN AUF 11.1.25<\/li><\/ul><hr \/><p>Termine 2023:<\/p><ul><li>17.06.23 | Ochsenhausen &#8211; \u00d6chslefest, Marktplatz<\/li><li>26.06.23 | Heimatfest Laupheim &#8211; Hahn-Zelt<\/li><li>19.07.23 | Biberach &#8211; Sch\u00fctzenzelt<\/li><li>23.08.23 | Las Vegas &#8211; Elvis Tribute Party<\/li><li>08.09.23 | Heggbach &#8211; M\u00fchlen Open Air<\/li><li>29.09.23 | Mahlstetten &#8211; verschoben wegen Krankheit<\/li><li>07.10.23 | Gammertingen &#8211; Privatveranstaltung<\/li><li>11.11.23 | \u00d6hringen &#8211; Privatveranstaltung<\/li><li>18.11.23 | Pf\u00e4ffingen &#8211; Heimspiel, Kabarettabend<\/li><li>25.11.23 | Glems &#8211; Hirsch<\/li><li>27.12.23 | Erolzheim &#8211; Benefizkonzert zum 3. Weihnachtsfeiertag<\/li><\/ul><hr \/><p>Termine 2022:<\/p><ul><li>12.02.22 | Bad Wurzach, Kurhaus\u00a0 &#8211; auf Herbst verschoben!-<\/li><li>08.04.22 |Hirsch Urlau &#8211; auf Herbst verschoben!-<\/li><li>10.05.22 | Hamburg, Reeperbahn<\/li><li>04.07.22 | Laupheim, Heimatfest<\/li><li>10.07.22 | Berg, Ulrichsfest &#8211; abgesagt wegen Corona! &#8211;<\/li><li>20.07.22| Biberach, Sch\u00fctzenzelt &#8211; abgesagt wegen Corona! &#8211;<\/li><li>22.07.22 | \u00d6hringen, Hofgarten, &#8211; abgesagt wegen Corona! &#8211;<\/li><li>09.09.22 | Heggbach, M\u00fchlencafe, Open-Air<\/li><li>10.09.22 | Mahlstetten &#8211; wegen schlechter Witterung verschoben auf Fr\u00fchjahr 2023!<\/li><li>24.09.22 | Schwendi (Privatveranstaltung)<\/li><li>15.10.22 | Hirsch Glems<\/li><li>19.11.22 | Bad Wurzach, Kurhaus<\/li><li>26.11.22 | Somenhardt\/Zavelstein<\/li><li>02.12.22 | Erolzheim: Benefiz-Konzert<\/li><\/ul><hr \/><p>Termine 2020:<\/p><ul><li>25.01.20 | Hirsch Glems<\/li><li>08.02.20 | Bad Wurzach, Kurhaus<\/li><li>24.04.20 | Hirsch Urlau &#8212;verschoben&#8212;<\/li><li>28.06.20 | Laupheim, Heimatfest\u00a0 \u00a0&#8211; abgesagt &#8211;<\/li><li>03.07.20 | Blaubeuren\u00a0 &#8211; Drive-In-Event!!!!!<\/li><li>05.07.20 | Berg, Ulrichsfest\u00a0 &#8211; abgesagt &#8211;<\/li><li>22.07.20 | Sch\u00fctzenzelt Biberach\u00a0 &#8211; abgesagt &#8211;<\/li><li>24.07.20 | \u00d6hringen, Hofgarten Open-Air\u00a0 &#8212;verschoben&#8212;<\/li><li>05.09.20 | Hausen a.A. (bei Krauchenwies), Festzelt &#8211;abgesagt&#8211;<\/li><li>12.09.20 | M\u00fchlencafe Heggbach<\/li><li>10.10.20 | Ravensburg, Oberschwabenschau<\/li><li>14.11.20 | Pf\u00e4ffingen, Heimspiel &#8222;f\u00fcr \u00e4lle ebbes&#8220; mit Hillus Herzdropfa und J\u00f6rg Bairer<\/li><\/ul><hr \/><p>Termine 2019:<\/p><ul><li>25.01.19 | Hirsch Glems<\/li><li>02.05.19 | Radio 7: Band Bus (Aufzeichnung)<\/li><li>15.05.19 | Radio 7: Band Bus (Ausstrahlung, 19-21 Uhr)<\/li><li>17.05.19 | Hirsch Urlau<\/li><li>28.06.19 | Engstingen<\/li><li>05.07.19 | \u00dcberraschungsauftritt (geheim)<\/li><li>07.07.19 | Berg Ulrichsfest<\/li><li>07.07.19 | Laupheim, Heimatfest (Showeinlage)<\/li><li>17.07.19 | Sch\u00fctzenzelt Biberach<\/li><li>27.07.19 | Merklingen, Dorffest<\/li><li>15.08.19 | Noche Suabia del Torrente, Valencia (Sp)<\/li><li>30.08.19 | Holzbronner Sichelhenke (Calw)<\/li><li>27.09.19 | M\u00fchlencafe Heggbach<\/li><li>18.10.19 | Oberschwabenschau Ravensburg<\/li><li>26.10.19 | Hermaringen: ABGESAGT WEGEN KRANKHEIT<\/li><li>23.11.19 | SWR-TV-Aufzeichnung<\/li><\/ul><hr \/><p>Termine 2018:<\/p><ul><li>06.01.18 | Unteressendof Eisb\u00e4renfest<\/li><li>12.01.18 | Hirsch Glems<\/li><li>02.02.18 |\u00a0Bandscheibenball Bad Buchau<\/li><li>03.03.18 | Carneval del mundo (Rio de Janeiro, geheim)<\/li><li>09.05.18 |Hirsch Urlau (Tourstart)<\/li><li>18.05.18 | Gs\u00e4lzb\u00e4r Ravensburg\/Oberhofen<\/li><li>23.06.18 | Ostrach Rosnaer Sommerfest<\/li><li>24.06.18 | Laupheim, Kinderfest<\/li><li>30.06.18 | Biberach, Liebherr-Familienfest (interne Veranstaltung)<\/li><li>08.07.18 | Berg Ulrichsfest<\/li><li>18.07.18 | Sch\u00fctzenzelt Biberach<\/li><li>28.07.18 | Fantreffen Scharnitz (Tirol)<\/li><li>13.10.18 | Oberstadion Mehrzweckhalle<\/li><li>19.10.18 |\u00a0Oberschwabenschau Ravensburg<\/li><li>20.10.18 | Gschwend Mundartfestival<\/li><li>27.10.18 | M\u00fchlencafe Heggbach<\/li><li>24.11.18 |Privatkonzert &#8211; Top-Secret<\/li><\/ul><hr \/><p>Termine 2017:<\/p><ul><li>13.01.17 | Hirsch Glems &#8211;\u00a0Wirtshaustour<\/li><li>11.03.17 | Kreuz Obermarchtal<\/li><li>08.04.17 | Musikantenscheune Nehren &#8212;Wirtshaustour&#8212;-<\/li><li>22.04.17| D\u00e4chingen<\/li><li>24.06.17 | Ostrach, Rosnaer Sommerfest<\/li><li>01.07.17 | Laupheim, Kinderfest<\/li><li>09.07.17 | Berg Ulrichsfest<\/li><li>19.07.17 |\u00a0Sch\u00fctzenzelt Biberach<\/li><li>20.10.17 |\u00a0Oberschwabenschau Ravensburg<\/li><li>25.11.17 | Bad Teinach-Zavelstein, Karles Schwarzwaldst\u00fcble<\/li><\/ul><hr \/><p>Termine 2016:<\/p><ul><li>20.02.16 | Obermarchtal: ABGESAGT (KRANKHEIT)<\/li><li>02.04.16 | Brauereiwirtschaft Berg &#8212;-Wirtshaustour&#8212;-<\/li><li>09.04.16 | Selteltor Wiesensteig &#8212;-Wirtshaustour&#8212;-<\/li><li>30.04.16 | Leo Kulturkneipe Warthausen &#8212;-Wirtshaustour&#8212;-<\/li><li>10.06.16 | Adler Ehingen &#8212;-Wirtshaustour&#8212;-<\/li><li>25.06.16 | Kinder- und Heimatfest Laupheim<\/li><li>10.07.16 | Berg Ulrichsfest<\/li><li>20.07.16| Sch\u00fctzenzelt Biberach<\/li><li>05.08.16 | Pfullendorf\u00a0 &#8211; gecancelt &#8211;<\/li><li>06.08.16 | \u00d6hringen, Spitalhof<\/li><li>16.09.16 | Sofaflucht Oberopfingen<\/li><li>17.09.16 | Hasen Erbach &#8212;-Wirtshaustour&#8212;-<\/li><li>24.09.16 | Neuhaus Oberwachingen &#8212;-Wirtshaustour&#8212;-<\/li><li>14.10.16 | Oberschwabenschau Ravensburg<\/li><li>02.12.16 | Hirsch Glems<\/li><li>09.12.16 | Maselheim: Privatveranstaltung des Landkreises Biberach<\/li><li>17.12.16 | Skiopening Salober Skiarena Warth\/Schr\u00f6cken ABGESAGT: zu wenig Schnee<\/li><\/ul><hr \/><p><code><\/code><\/p>\n\t<\/div>\n<!-- \/module text -->\n\n                                                    <\/div>\n                                                    <!-- \/.tb-column-inner -->\n                                                                                                <\/div>\n                                            <!-- \/.tb-column -->\n                                        \n                                    \n                                    \n                                \n                            <\/div>\n                            <!-- \/row_inner -->\n                        <\/div>\n                        <!-- \/row_inner_wrapper -->\n                    <\/div>\n                    <!-- \/module_row -->\n                    \n<\/div>\n<!-- \/themify_builder_content -->","protected":false},"excerpt":{"rendered":"<p>Immer auf dem Laufenden bleiben:<\/p>\n","protected":false},"author":1,"featured_media":0,"parent":0,"menu_order":0,"comment_status":"closed","ping_status":"closed","template":"","meta":{"ngg_post_thumbnail":0,"footnotes":""},"class_list":["post-10","page","type-page","status-publish","hentry","has-post-title","has-post-date","has-post-category","has-post-tag","has-post-comment","has-post-author"],"_links":{"self":[{"href":"https:\/\/pommfritz.de\/home\/wp-json\/wp\/v2\/pages\/10","targetHints":{"allow":["GET"]}}],"collection":[{"href":"https:\/\/pommfritz.de\/home\/wp-json\/wp\/v2\/pages"}],"about":[{"href":"https:\/\/pommfritz.de\/home\/wp-json\/wp\/v2\/types\/page"}],"author":[{"embeddable":true,"href":"https:\/\/pommfritz.de\/home\/wp-json\/wp\/v2\/users\/1"}],"replies":[{"embeddable":true,"href":"https:\/\/pommfritz.de\/home\/wp-json\/wp\/v2\/comments?post=10"}],"version-history":[{"count":1,"href":"https:\/\/pommfritz.de\/home\/wp-json\/wp\/v2\/pages\/10\/revisions"}],"predecessor-version":[{"id":11,"href":"https:\/\/pommfritz.de\/home\/wp-json\/wp\/v2\/pages\/10\/revisions\/11"}],"wp:attachment":[{"href":"https:\/\/pommfritz.de\/home\/wp-json\/wp\/v2\/media?parent=10"}],"curies":[{"name":"wp","href":"https:\/\/api.w.org\/{rel}","templated":true}]}}